{"id":1589,"date":"2020-05-12T03:43:03","date_gmt":"2020-05-12T03:43:03","guid":{"rendered":"https:\/\/evtech-project.eu\/acceuil\/"},"modified":"2025-01-27T11:14:49","modified_gmt":"2025-01-27T11:14:49","slug":"acceuil","status":"publish","type":"page","link":"https:\/\/evtech-project.eu\/fr\/","title":{"rendered":"Acceuil"},"content":{"rendered":"\n<div class=\"wp-block-uagb-container uagb-block-53392e73 alignfull uagb-is-root-container\"><div class=\"uagb-container-inner-blocks-wrap\">\n<div class=\"wp-block-uagb-info-box uagb-block-e398169b uagb-infobox__content-wrap  uagb-infobox-icon-above-title uagb-infobox-image-valign-top\"><div class=\"uagb-ifb-content\"><div class=\"uagb-ifb-title-wrap\"><p class=\"uagb-ifb-title\">EVTECH\u200b<\/p><\/div><p class=\"uagb-ifb-desc\">Comp\u00e9tences en mati\u00e8re de maintenance et de s\u00e9curit\u00e9 des v\u00e9hicules \u00e9lectriques pour les techniciens des automobiles<\/p><\/div><\/div>\n\n\n\n<div class=\"wp-block-uagb-buttons uagb-buttons__outer-wrap uagb-btn__default-btn uagb-btn-tablet__default-btn uagb-btn-mobile__default-btn uagb-block-3b17dcca\"><div class=\"uagb-buttons__wrap uagb-buttons-layout-wrap \">\n<div class=\"wp-block-uagb-buttons-child uagb-buttons__outer-wrap uagb-block-e4c6618d wp-block-button\"><div class=\"uagb-button__wrapper\"><a class=\"uagb-buttons-repeater wp-block-button__link\" aria-label=\"\" href=\"https:\/\/www.facebook.com\/evtech.project\/\" rel=\"follow noopener\" target=\"_blank\" role=\"button\"><div class=\"uagb-button__link\">Mises \u00e0 jour et nouvelles<\/div><\/a><\/div><\/div>\n<\/div><\/div>\n<\/div><\/div>\n\n\n\n<div style=\"height:100px\" aria-hidden=\"true\" class=\"wp-block-spacer\"><\/div>\n\n\n\n<div class=\"wp-block-uagb-container uagb-block-e62371ff alignfull uagb-is-root-container\"><div class=\"uagb-container-inner-blocks-wrap\">\n<div class=\"wp-block-uagb-container uagb-block-4e305ba0\">\n<p class=\"has-x-large-font-size\"><strong>Buts<\/strong><\/p>\n<\/div>\n\n\n\n<div class=\"wp-block-uagb-container uagb-block-13a1163c\">\n<p>EVTECH cherche \u00e0 accro\u00eetre l&rsquo;offre, la qualit\u00e9 et la pertinence de la formation professionnelle dans l&rsquo;industrie automobile, afin de r\u00e9pondre aux exigences professionnelles \u00e9mergentes et \u00e0 l&rsquo;inad\u00e9quation des comp\u00e9tences, r\u00e9sultant de l&rsquo;augmentation des taux d&rsquo;adoption des v\u00e9hicules \u00e9lectriques. Le projet s&rsquo;appuiera sur les informations existantes relatives au march\u00e9 du travail et aux comp\u00e9tences pour \u00e9laborer un programme d&rsquo;\u00e9tudes ax\u00e9 sur les r\u00e9sultats d&rsquo;apprentissage, avec des possibilit\u00e9s d&rsquo;apprentissage en milieu de travail sur l&rsquo;entretien, la maintenance et la r\u00e9paration des v\u00e9hicules \u00e9lectriques.<\/p>\n<\/div>\n<\/div><\/div>\n\n\n\n<div class=\"wp-block-uagb-container uagb-block-c580baa8 alignfull uagb-is-root-container\"><div class=\"uagb-container-inner-blocks-wrap\">\n<div style=\"height:30px\" aria-hidden=\"true\" class=\"wp-block-spacer\"><\/div>\n\n\n\n<h1 class=\"wp-block-heading has-text-align-center has-ast-global-color-5-background-color has-background has-large-font-size\" style=\"font-style:normal;font-weight:300;text-transform:lowercase\">Nous soutenons les techniciens en \u00e9lectronique automobile en cr\u00e9ant :<\/h1>\n<\/div><\/div>\n\n\n\n<div class=\"wp-block-uagb-container uagb-block-33a24c14 alignfull uagb-is-root-container\">\n<div class=\"wp-block-uagb-container uagb-block-4e6f3329\">\n<div class=\"wp-block-uagb-advanced-heading uagb-block-aeb0fc58\"><p class=\"uagb-heading-text\">1. Des r\u00e9sultats d&rsquo;apprentissage mesurables et fond\u00e9s sur des donn\u00e9es probantes pour l&rsquo;offre d&rsquo;EFP, par le biais d&rsquo;une consultation avec des experts de la formation, de l&rsquo;enseignement<br>et de l&rsquo;industrie<\/p><\/div>\n<\/div>\n\n\n\n<div class=\"wp-block-uagb-container uagb-block-6f4a2117\">\n<div class=\"wp-block-uagb-advanced-heading uagb-block-64edb59b\"><p class=\"uagb-heading-text\">2. Des unit\u00e9s d&rsquo;apprentissage formelles pour l&rsquo;EFP, du mat\u00e9riel de formation et d&rsquo;\u00e9valuation et une bo\u00eete \u00e0 outils pour les formateurs afin de dispenser des cours.<\/p><\/div>\n<\/div>\n\n\n\n<div class=\"wp-block-uagb-container uagb-block-379917c9\">\n<div class=\"wp-block-uagb-advanced-heading uagb-block-8e2e44f5\"><p class=\"uagb-heading-text\">3. Des REL, des cours en ligne ouverts \u00e0 la formation professionnelle (VOOC) et un livre \u00e9lectronique pour les apprenants afin de soutenir l&rsquo;apprentissage \u00e0 son propre rythme.<\/p><\/div>\n<\/div>\n<\/div>\n\n\n\n<div class=\"wp-block-uagb-container uagb-block-2257aeb2 alignfull uagb-is-root-container\">\n<div class=\"wp-block-uagb-container uagb-block-74b94eb2\">\n<div class=\"wp-block-uagb-advanced-heading uagb-block-8e2dc5fe\"><p class=\"uagb-heading-text\">4. 5 s\u00e9minaires sur site (1\/module) et 1 test pilote VOOC, visant \u00e0 am\u00e9liorer les comp\u00e9tences de 800 techniciens automobiles.<\/p><\/div>\n<\/div>\n\n\n\n<div class=\"wp-block-uagb-container uagb-block-63e5e7fe\">\n<div class=\"wp-block-uagb-advanced-heading uagb-block-d1f30792\"><p class=\"uagb-heading-text\">5. Aper\u00e7u des exigences professionnelles communes et descriptions actualis\u00e9es pour les profils professionnels pertinents, \u00e0 reconna\u00eetre et \u00e0 int\u00e9grer dans les syst\u00e8mes de certification nationaux et dans les programmes de formation continue<br>reconnus et int\u00e9gr\u00e9s dans les syst\u00e8mes de certification nationaux et le syst\u00e8me de classification ESCO.<\/p><\/div>\n<\/div>\n<\/div>\n\n\n\n<div class=\"wp-block-uagb-container uagb-block-222847f6 alignfull uagb-is-root-container\"><div class=\"uagb-container-inner-blocks-wrap\">\n<div class=\"wp-block-uagb-info-box uagb-block-48298200 uagb-infobox__content-wrap  uagb-infobox-icon-above-title uagb-infobox-image-valign-top\"><div class=\"uagb-ifb-content\"><div class=\"uagb-ifb-title-wrap\"><h2 class=\"uagb-ifb-title\">Cours en ligne ouvert \u00e0 la formation professionnelle<\/h2><\/div><p class=\"uagb-ifb-desc\">Le projet \u00ab\u00a0EVTECH\u00a0\u00bb cr\u00e9era un cours professionnel ouvert en ligne (VOOC) pour soutenir l&rsquo;apprentissage autonome des techniciens des automobiles. Ce cours en ligne fournira des unit\u00e9s d&rsquo;apprentissage formel et du mat\u00e9riel d&rsquo;\u00e9valuation pour l&rsquo;entretien, la maintenance et la r\u00e9paration des v\u00e9hicules \u00e9lectriques. Le VOOC sera accessible en ligne et favorisera l&rsquo;apprentissage \u00e0 son propre rythme, ce qui permettra aux techniciens de se perfectionner \u00e0 leur propre rythme et \u00e0 leur convenance. Le cours en ligne comprendra \u00e9galement des ressources \u00e9ducatives ouvertes et un livre \u00e9lectronique pour les apprenants afin de faciliter l&rsquo;apprentissage et la compr\u00e9hension. Un essai pilote du VOOC sera effectu\u00e9 pour \u00e9valuer son efficacit\u00e9 dans la formation continue des techniciens.<\/p><div class=\"uagb-ifb-button-wrapper wp-block-button\"><a href=\"https:\/\/erasmusmoocs.thinkific.com\/courses\/fr-evtech\" class=\"uagb-infobox-cta-link wp-block-button__link\" target=\"_blank\" rel=\"noopener noreferrer\" onclick=\"return true;\"><span class=\"uagb-inline-editing\">Acc\u00e9der au VOOC<\/span><\/a><\/div><\/div><\/div>\n<\/div><\/div>\n\n\n\n<div style=\"height:100px\" aria-hidden=\"true\" class=\"wp-block-spacer\"><\/div>\n\n\n\n<div class=\"wp-block-uagb-container uagb-block-e711df2e alignfull uagb-is-root-container\"><div class=\"uagb-container-inner-blocks-wrap\"><\/div><\/div>\n","protected":false},"excerpt":{"rendered":"<p>Buts EVTECH cherche \u00e0 accro\u00eetre l&rsquo;offre, la qualit\u00e9 et la pertinence de la formation professionnelle dans l&rsquo;industrie automobile, afin de r\u00e9pondre aux exigences professionnelles \u00e9mergentes et \u00e0 l&rsquo;inad\u00e9quation des comp\u00e9tences, r\u00e9sultant de l&rsquo;augmentation des taux d&rsquo;adoption des v\u00e9hicules \u00e9lectriques. Le projet s&rsquo;appuiera sur les informations existantes relatives au march\u00e9 du travail et aux comp\u00e9tences pour [&hellip;]<\/p>\n","protected":false},"author":1,"featured_media":0,"parent":0,"menu_order":0,"comment_status":"closed","ping_status":"closed","template":"","meta":{"_uag_custom_page_level_css":"","site-sidebar-layout":"no-sidebar","site-content-layout":"plain-container","ast-site-content-layout":"normal-width-container","site-content-style":"unboxed","site-sidebar-style":"unboxed","ast-global-header-display":"","ast-banner-title-visibility":"","ast-main-header-display":"","ast-hfb-above-header-display":"","ast-hfb-below-header-display":"","ast-hfb-mobile-header-display":"","site-post-title":"disabled","ast-breadcrumbs-content":"","ast-featured-img":"disabled","footer-sml-layout":"","ast-disable-related-posts":"","theme-transparent-header-meta":"enabled","adv-header-id-meta":"","stick-header-meta":"","header-above-stick-meta":"","header-main-stick-meta":"","header-below-stick-meta":"","astra-migrate-meta-layouts":"set","ast-page-background-enabled":"default","ast-page-background-meta":{"desktop":{"background-color":"","background-image":"","background-repeat":"repeat","background-position":"center center","background-size":"auto","background-attachment":"scroll","background-type":"","background-media":"","overlay-type":"","overlay-color":"","overlay-opacity":"","overlay-gradient":""},"tablet":{"background-color":"","background-image":"","background-repeat":"repeat","background-position":"center center","background-size":"auto","background-attachment":"scroll","background-type":"","background-media":"","overlay-type":"","overlay-color":"","overlay-opacity":"","overlay-gradient":""},"mobile":{"background-color":"","background-image":"","background-repeat":"repeat","background-position":"center center","background-size":"auto","background-attachment":"scroll","background-type":"","background-media":"","overlay-type":"","overlay-color":"","overlay-opacity":"","overlay-gradient":""}},"ast-content-background-meta":{"desktop":{"background-color":"var(--ast-global-color-5)","background-image":"","background-repeat":"repeat","background-position":"center center","background-size":"auto","background-attachment":"scroll","background-type":"","background-media":"","overlay-type":"","overlay-color":"","overlay-opacity":"","overlay-gradient":""},"tablet":{"background-color":"var(--ast-global-color-5)","background-image":"","background-repeat":"repeat","background-position":"center center","background-size":"auto","background-attachment":"scroll","background-type":"","background-media":"","overlay-type":"","overlay-color":"","overlay-opacity":"","overlay-gradient":""},"mobile":{"background-color":"var(--ast-global-color-5)","background-image":"","background-repeat":"repeat","background-position":"center center","background-size":"auto","background-attachment":"scroll","background-type":"","background-media":"","overlay-type":"","overlay-color":"","overlay-opacity":"","overlay-gradient":""}},"footnotes":""},"class_list":["post-1589","page","type-page","status-publish","hentry"],"yoast_head":"<!-- This site is optimized with the Yoast SEO plugin v27.4 - https:\/\/yoast.com\/product\/yoast-seo-wordpress\/ -->\n<title>EVTECH - Comp\u00e9tences en mati\u00e8re de maintenance et de s\u00e9curit\u00e9 des v\u00e9hicules \u00e9lectriques pour les techniciens des automobiles<\/title>\n<meta name=\"description\" content=\"Augmenter l&#039;offre, la qualit\u00e9 et la pertinence de l&#039;enseignement et de la formation professionnels dans l&#039;industrie automobile, acqu\u00e9rir les nouvelles comp\u00e9tences requises dans la nouvelle \u00e8re des v\u00e9hicules \u00e9lectriques.\" \/>\n<meta name=\"robots\" content=\"index, follow, max-snippet:-1, max-image-preview:large, max-video-preview:-1\" \/>\n<link rel=\"canonical\" href=\"https:\/\/evtech-project.eu\/fr\/\" \/>\n<meta property=\"og:locale\" content=\"fr_FR\" \/>\n<meta property=\"og:type\" content=\"article\" \/>\n<meta property=\"og:title\" content=\"EVTECH - Comp\u00e9tences en mati\u00e8re de maintenance et de s\u00e9curit\u00e9 des v\u00e9hicules \u00e9lectriques pour les techniciens des automobiles\" \/>\n<meta property=\"og:description\" content=\"Augmenter l&#039;offre, la qualit\u00e9 et la pertinence de l&#039;enseignement et de la formation professionnels dans l&#039;industrie automobile, acqu\u00e9rir les nouvelles comp\u00e9tences requises dans la nouvelle \u00e8re des v\u00e9hicules \u00e9lectriques.\" \/>\n<meta property=\"og:url\" content=\"https:\/\/evtech-project.eu\/fr\/\" \/>\n<meta property=\"og:site_name\" content=\"EVTECH project\" \/>\n<meta property=\"article:modified_time\" content=\"2025-01-27T11:14:49+00:00\" \/>\n<meta name=\"twitter:card\" content=\"summary_large_image\" \/>\n<meta name=\"twitter:label1\" content=\"Dur\u00e9e de lecture estim\u00e9e\" \/>\n\t<meta name=\"twitter:data1\" content=\"2 minutes\" \/>\n<script type=\"application\/ld+json\" class=\"yoast-schema-graph\">{\"@context\":\"https:\\\/\\\/schema.org\",\"@graph\":[{\"@type\":\"WebPage\",\"@id\":\"https:\\\/\\\/evtech-project.eu\\\/fr\\\/\",\"url\":\"https:\\\/\\\/evtech-project.eu\\\/fr\\\/\",\"name\":\"EVTECH - Comp\u00e9tences en mati\u00e8re de maintenance et de s\u00e9curit\u00e9 des v\u00e9hicules \u00e9lectriques pour les techniciens des automobiles\",\"isPartOf\":{\"@id\":\"https:\\\/\\\/evtech-project.eu\\\/fr\\\/#website\"},\"datePublished\":\"2020-05-12T03:43:03+00:00\",\"dateModified\":\"2025-01-27T11:14:49+00:00\",\"description\":\"Augmenter l'offre, la qualit\u00e9 et la pertinence de l'enseignement et de la formation professionnels dans l'industrie automobile, acqu\u00e9rir les nouvelles comp\u00e9tences requises dans la nouvelle \u00e8re des v\u00e9hicules \u00e9lectriques.\",\"breadcrumb\":{\"@id\":\"https:\\\/\\\/evtech-project.eu\\\/fr\\\/#breadcrumb\"},\"inLanguage\":\"fr-FR\",\"potentialAction\":[{\"@type\":\"ReadAction\",\"target\":[\"https:\\\/\\\/evtech-project.eu\\\/fr\\\/\"]}]},{\"@type\":\"BreadcrumbList\",\"@id\":\"https:\\\/\\\/evtech-project.eu\\\/fr\\\/#breadcrumb\",\"itemListElement\":[{\"@type\":\"ListItem\",\"position\":1,\"name\":\"Home\",\"item\":\"https:\\\/\\\/evtech-project.eu\\\/fr\\\/\"},{\"@type\":\"ListItem\",\"position\":2,\"name\":\"Acceuil\"}]},{\"@type\":\"WebSite\",\"@id\":\"https:\\\/\\\/evtech-project.eu\\\/fr\\\/#website\",\"url\":\"https:\\\/\\\/evtech-project.eu\\\/fr\\\/\",\"name\":\"EVTECH project\",\"description\":\"\",\"publisher\":{\"@id\":\"https:\\\/\\\/evtech-project.eu\\\/fr\\\/#organization\"},\"potentialAction\":[{\"@type\":\"SearchAction\",\"target\":{\"@type\":\"EntryPoint\",\"urlTemplate\":\"https:\\\/\\\/evtech-project.eu\\\/fr\\\/?s={search_term_string}\"},\"query-input\":{\"@type\":\"PropertyValueSpecification\",\"valueRequired\":true,\"valueName\":\"search_term_string\"}}],\"inLanguage\":\"fr-FR\"},{\"@type\":\"Organization\",\"@id\":\"https:\\\/\\\/evtech-project.eu\\\/fr\\\/#organization\",\"name\":\"EVTECH project\",\"url\":\"https:\\\/\\\/evtech-project.eu\\\/fr\\\/\",\"logo\":{\"@type\":\"ImageObject\",\"inLanguage\":\"fr-FR\",\"@id\":\"https:\\\/\\\/evtech-project.eu\\\/fr\\\/#\\\/schema\\\/logo\\\/image\\\/\",\"url\":\"https:\\\/\\\/evtech-project.eu\\\/wp-content\\\/uploads\\\/2023\\\/02\\\/cropped-cropped-cropped-EVTECH-logo-transparent-1-1-1.png\",\"contentUrl\":\"https:\\\/\\\/evtech-project.eu\\\/wp-content\\\/uploads\\\/2023\\\/02\\\/cropped-cropped-cropped-EVTECH-logo-transparent-1-1-1.png\",\"width\":999,\"height\":333,\"caption\":\"EVTECH project\"},\"image\":{\"@id\":\"https:\\\/\\\/evtech-project.eu\\\/fr\\\/#\\\/schema\\\/logo\\\/image\\\/\"}}]}<\/script>\n<!-- \/ Yoast SEO plugin. -->","yoast_head_json":{"title":"EVTECH - Comp\u00e9tences en mati\u00e8re de maintenance et de s\u00e9curit\u00e9 des v\u00e9hicules \u00e9lectriques pour les techniciens des automobiles","description":"Augmenter l'offre, la qualit\u00e9 et la pertinence de l'enseignement et de la formation professionnels dans l'industrie automobile, acqu\u00e9rir les nouvelles comp\u00e9tences requises dans la nouvelle \u00e8re des v\u00e9hicules \u00e9lectriques.","robots":{"index":"index","follow":"follow","max-snippet":"max-snippet:-1","max-image-preview":"max-image-preview:large","max-video-preview":"max-video-preview:-1"},"canonical":"https:\/\/evtech-project.eu\/fr\/","og_locale":"fr_FR","og_type":"article","og_title":"EVTECH - Comp\u00e9tences en mati\u00e8re de maintenance et de s\u00e9curit\u00e9 des v\u00e9hicules \u00e9lectriques pour les techniciens des automobiles","og_description":"Augmenter l'offre, la qualit\u00e9 et la pertinence de l'enseignement et de la formation professionnels dans l'industrie automobile, acqu\u00e9rir les nouvelles comp\u00e9tences requises dans la nouvelle \u00e8re des v\u00e9hicules \u00e9lectriques.","og_url":"https:\/\/evtech-project.eu\/fr\/","og_site_name":"EVTECH project","article_modified_time":"2025-01-27T11:14:49+00:00","twitter_card":"summary_large_image","twitter_misc":{"Dur\u00e9e de lecture estim\u00e9e":"2 minutes"},"schema":{"@context":"https:\/\/schema.org","@graph":[{"@type":"WebPage","@id":"https:\/\/evtech-project.eu\/fr\/","url":"https:\/\/evtech-project.eu\/fr\/","name":"EVTECH - Comp\u00e9tences en mati\u00e8re de maintenance et de s\u00e9curit\u00e9 des v\u00e9hicules \u00e9lectriques pour les techniciens des automobiles","isPartOf":{"@id":"https:\/\/evtech-project.eu\/fr\/#website"},"datePublished":"2020-05-12T03:43:03+00:00","dateModified":"2025-01-27T11:14:49+00:00","description":"Augmenter l'offre, la qualit\u00e9 et la pertinence de l'enseignement et de la formation professionnels dans l'industrie automobile, acqu\u00e9rir les nouvelles comp\u00e9tences requises dans la nouvelle \u00e8re des v\u00e9hicules \u00e9lectriques.","breadcrumb":{"@id":"https:\/\/evtech-project.eu\/fr\/#breadcrumb"},"inLanguage":"fr-FR","potentialAction":[{"@type":"ReadAction","target":["https:\/\/evtech-project.eu\/fr\/"]}]},{"@type":"BreadcrumbList","@id":"https:\/\/evtech-project.eu\/fr\/#breadcrumb","itemListElement":[{"@type":"ListItem","position":1,"name":"Home","item":"https:\/\/evtech-project.eu\/fr\/"},{"@type":"ListItem","position":2,"name":"Acceuil"}]},{"@type":"WebSite","@id":"https:\/\/evtech-project.eu\/fr\/#website","url":"https:\/\/evtech-project.eu\/fr\/","name":"EVTECH project","description":"","publisher":{"@id":"https:\/\/evtech-project.eu\/fr\/#organization"},"potentialAction":[{"@type":"SearchAction","target":{"@type":"EntryPoint","urlTemplate":"https:\/\/evtech-project.eu\/fr\/?s={search_term_string}"},"query-input":{"@type":"PropertyValueSpecification","valueRequired":true,"valueName":"search_term_string"}}],"inLanguage":"fr-FR"},{"@type":"Organization","@id":"https:\/\/evtech-project.eu\/fr\/#organization","name":"EVTECH project","url":"https:\/\/evtech-project.eu\/fr\/","logo":{"@type":"ImageObject","inLanguage":"fr-FR","@id":"https:\/\/evtech-project.eu\/fr\/#\/schema\/logo\/image\/","url":"https:\/\/evtech-project.eu\/wp-content\/uploads\/2023\/02\/cropped-cropped-cropped-EVTECH-logo-transparent-1-1-1.png","contentUrl":"https:\/\/evtech-project.eu\/wp-content\/uploads\/2023\/02\/cropped-cropped-cropped-EVTECH-logo-transparent-1-1-1.png","width":999,"height":333,"caption":"EVTECH project"},"image":{"@id":"https:\/\/evtech-project.eu\/fr\/#\/schema\/logo\/image\/"}}]}},"uagb_featured_image_src":{"full":false,"thumbnail":false,"medium":false,"medium_large":false,"large":false,"1536x1536":false,"2048x2048":false},"uagb_author_info":{"display_name":"admin","author_link":"https:\/\/evtech-project.eu\/fr\/author\/info_0uxcc8vv\/"},"uagb_comment_info":0,"uagb_excerpt":"Buts EVTECH cherche \u00e0 accro\u00eetre l&rsquo;offre, la qualit\u00e9 et la pertinence de la formation professionnelle dans l&rsquo;industrie automobile, afin de r\u00e9pondre aux exigences professionnelles \u00e9mergentes et \u00e0 l&rsquo;inad\u00e9quation des comp\u00e9tences, r\u00e9sultant de l&rsquo;augmentation des taux d&rsquo;adoption des v\u00e9hicules \u00e9lectriques. Le projet s&rsquo;appuiera sur les informations existantes relatives au march\u00e9 du travail et aux comp\u00e9tences pour\u2026","_links":{"self":[{"href":"https:\/\/evtech-project.eu\/fr\/wp-json\/wp\/v2\/pages\/1589","targetHints":{"allow":["GET"]}}],"collection":[{"href":"https:\/\/evtech-project.eu\/fr\/wp-json\/wp\/v2\/pages"}],"about":[{"href":"https:\/\/evtech-project.eu\/fr\/wp-json\/wp\/v2\/types\/page"}],"author":[{"embeddable":true,"href":"https:\/\/evtech-project.eu\/fr\/wp-json\/wp\/v2\/users\/1"}],"replies":[{"embeddable":true,"href":"https:\/\/evtech-project.eu\/fr\/wp-json\/wp\/v2\/comments?post=1589"}],"version-history":[{"count":9,"href":"https:\/\/evtech-project.eu\/fr\/wp-json\/wp\/v2\/pages\/1589\/revisions"}],"predecessor-version":[{"id":2764,"href":"https:\/\/evtech-project.eu\/fr\/wp-json\/wp\/v2\/pages\/1589\/revisions\/2764"}],"wp:attachment":[{"href":"https:\/\/evtech-project.eu\/fr\/wp-json\/wp\/v2\/media?parent=1589"}],"curies":[{"name":"wp","href":"https:\/\/api.w.org\/{rel}","templated":true}]}}